{"id":6122,"date":"2026-04-27T11:22:44","date_gmt":"2026-04-27T16:22:44","guid":{"rendered":"https:\/\/publicacionespastorales.com.ec\/?page_id=6122"},"modified":"2026-04-27T17:54:23","modified_gmt":"2026-04-27T22:54:23","slug":"novenas","status":"publish","type":"page","link":"https:\/\/publicacionespastorales.com.ec\/?page_id=6122","title":{"rendered":"Novenas"},"content":{"rendered":"\t\t<div data-elementor-type=\"wp-page\" data-elementor-id=\"6122\" class=\"elementor elementor-6122\" data-elementor-post-type=\"page\">\n\t\t\t\t<div class=\"elementor-element elementor-element-15d3f12 e-flex e-con-boxed wpr-particle-no wpr-jarallax-no wpr-parallax-no wpr-sticky-section-no wpr-equal-height-no e-con e-parent\" data-id=\"15d3f12\" data-element_type=\"container\" data-e-type=\"container\" data-settings=\"{&quot;background_background&quot;:&quot;classic&quot;}\">\n\t\t\t\t\t<div class=\"e-con-inner\">\n\t\t<div class=\"elementor-element elementor-element-89bcc15 e-con-full e-flex wpr-particle-no wpr-jarallax-no wpr-parallax-no wpr-sticky-section-no wpr-equal-height-no e-con e-child\" data-id=\"89bcc15\" data-element_type=\"container\" data-e-type=\"container\">\n\t\t<div class=\"elementor-element elementor-element-cb4a79a e-con-full e-flex wpr-particle-no wpr-jarallax-no wpr-parallax-no wpr-sticky-section-no wpr-equal-height-no e-con e-child\" data-id=\"cb4a79a\" data-element_type=\"container\" data-e-type=\"container\">\n\t\t\t\t<div class=\"elementor-element elementor-element-380cfd7 elementor-widget elementor-widget-image\" data-id=\"380cfd7\" data-element_type=\"widget\" data-e-type=\"widget\" data-widget_type=\"image.default\">\n\t\t\t\t\t\t\t\t\t\t\t\t\t\t\t<img fetchpriority=\"high\" decoding=\"async\" width=\"942\" height=\"1241\" src=\"https:\/\/publicacionespastorales.com.ec\/wp-content\/uploads\/2026\/04\/Virgen-web.png\" class=\"attachment-full size-full wp-image-6120\" alt=\"\" srcset=\"https:\/\/publicacionespastorales.com.ec\/wp-content\/uploads\/2026\/04\/Virgen-web.png 942w, https:\/\/publicacionespastorales.com.ec\/wp-content\/uploads\/2026\/04\/Virgen-web-228x300.png 228w, https:\/\/publicacionespastorales.com.ec\/wp-content\/uploads\/2026\/04\/Virgen-web-777x1024.png 777w, https:\/\/publicacionespastorales.com.ec\/wp-content\/uploads\/2026\/04\/Virgen-web-768x1012.png 768w, https:\/\/publicacionespastorales.com.ec\/wp-content\/uploads\/2026\/04\/Virgen-web-9x12.png 9w, https:\/\/publicacionespastorales.com.ec\/wp-content\/uploads\/2026\/04\/Virgen-web-300x395.png 300w, https:\/\/publicacionespastorales.com.ec\/wp-content\/uploads\/2026\/04\/Virgen-web-600x790.png 600w\" sizes=\"(max-width: 942px) 100vw, 942px\" \/>\t\t\t\t\t\t\t\t\t\t\t\t\t\t\t<\/div>\n\t\t\t\t<\/div>\n\t\t<div class=\"elementor-element elementor-element-5a64487 e-con-full e-flex wpr-particle-no wpr-jarallax-no wpr-parallax-no wpr-sticky-section-no wpr-equal-height-no e-con e-child\" data-id=\"5a64487\" data-element_type=\"container\" data-e-type=\"container\">\n\t\t\t\t<div class=\"elementor-element elementor-element-682b7f7 elementor-widget__width-initial elementor-widget elementor-widget-image\" data-id=\"682b7f7\" data-element_type=\"widget\" data-e-type=\"widget\" data-widget_type=\"image.default\">\n\t\t\t\t\t\t\t\t\t\t\t\t\t\t\t<img decoding=\"async\" width=\"570\" height=\"266\" src=\"https:\/\/publicacionespastorales.com.ec\/wp-content\/uploads\/2026\/04\/Recursos-IMG.png\" class=\"attachment-full size-full wp-image-6212\" alt=\"\" srcset=\"https:\/\/publicacionespastorales.com.ec\/wp-content\/uploads\/2026\/04\/Recursos-IMG.png 570w, https:\/\/publicacionespastorales.com.ec\/wp-content\/uploads\/2026\/04\/Recursos-IMG-300x140.png 300w, https:\/\/publicacionespastorales.com.ec\/wp-content\/uploads\/2026\/04\/Recursos-IMG-18x8.png 18w\" sizes=\"(max-width: 570px) 100vw, 570px\" \/>\t\t\t\t\t\t\t\t\t\t\t\t\t\t\t<\/div>\n\t\t\t\t<\/div>\n\t\t\t\t<\/div>\n\t\t<div class=\"elementor-element elementor-element-fe10c1d e-con-full e-flex wpr-particle-no wpr-jarallax-no wpr-parallax-no wpr-sticky-section-no wpr-equal-height-no e-con e-child\" data-id=\"fe10c1d\" data-element_type=\"container\" data-e-type=\"container\">\n\t\t<div class=\"elementor-element elementor-element-01d86a7 e-con-full e-flex wpr-particle-no wpr-jarallax-no wpr-parallax-no wpr-sticky-section-no wpr-equal-height-no e-con e-child\" data-id=\"01d86a7\" data-element_type=\"container\" data-e-type=\"container\">\n\t\t<div class=\"elementor-element elementor-element-646d9f7 e-con-full e-flex wpr-particle-no wpr-jarallax-no wpr-parallax-no wpr-sticky-section-no wpr-equal-height-no e-con e-child\" data-id=\"646d9f7\" data-element_type=\"container\" data-e-type=\"container\">\n\t\t<div class=\"elementor-element elementor-element-de77373 e-con-full e-flex wpr-particle-no wpr-jarallax-no wpr-parallax-no wpr-sticky-section-no wpr-equal-height-no e-con e-child\" data-id=\"de77373\" data-element_type=\"container\" data-e-type=\"container\">\n\t\t\t\t<div class=\"elementor-element elementor-element-f8edf10 elementor-widget elementor-widget-shortcode\" data-id=\"f8edf10\" data-element_type=\"widget\" data-e-type=\"widget\" data-widget_type=\"shortcode.default\">\n\t\t\t\t\t\t\t<div class=\"elementor-shortcode\"><div class=\"_df_thumb \" id=\"df_6172\"  _slug=\"novena\" data-title=\"novena\" wpoptions=\"true\" thumb=\"https:\/\/publicacionespastorales.com.ec\/wp-content\/uploads\/2026\/04\/PORTADA-Novena-WEB.png\" thumbtype=\"\" >Novena<\/div><script class=\"df-shortcode-script\" nowprocket type=\"application\/javascript\">window.option_df_6172 = {\"outline\":[],\"autoEnableOutline\":\"false\",\"autoEnableThumbnail\":\"false\",\"overwritePDFOutline\":\"false\",\"direction\":\"1\",\"pageSize\":\"0\",\"source\":\"https:\\\/\\\/publicacionespastorales.com.ec\\\/wp-content\\\/uploads\\\/2026\\\/04\\\/Novena-Maria-Auxiliadora-Mayo-2026.pdf\",\"wpOptions\":\"true\"}; if(window.DFLIP && window.DFLIP.parseBooks){window.DFLIP.parseBooks();}<\/script><\/div>\n\t\t\t\t\t\t<\/div>\n\t\t\t\t<div class=\"elementor-element elementor-element-ac41de2 elementor-widget elementor-widget-heading\" data-id=\"ac41de2\" data-element_type=\"widget\" data-e-type=\"widget\" data-widget_type=\"heading.default\">\n\t\t\t\t\t<h2 class=\"elementor-heading-title elementor-size-default\">Novena<\/h2>\t\t\t\t<\/div>\n\t\t\t\t<\/div>\n\t\t<div class=\"elementor-element elementor-element-a77a5ba e-con-full e-flex wpr-particle-no wpr-jarallax-no wpr-parallax-no wpr-sticky-section-no wpr-equal-height-no e-con e-child\" data-id=\"a77a5ba\" data-element_type=\"container\" data-e-type=\"container\">\n\t\t\t\t<div class=\"elementor-element elementor-element-863d130 elementor-widget elementor-widget-shortcode\" data-id=\"863d130\" data-element_type=\"widget\" data-e-type=\"widget\" data-widget_type=\"shortcode.default\">\n\t\t\t\t\t\t\t<div class=\"elementor-shortcode\"><div class=\"_df_thumb \" id=\"df_6176\"  _slug=\"triduo\" data-title=\"triduo\" wpoptions=\"true\" thumb=\"https:\/\/publicacionespastorales.com.ec\/wp-content\/uploads\/2026\/04\/PORTADA-TRIDUO-WEB-1.png\" thumbtype=\"\" >Triduo<\/div><script class=\"df-shortcode-script\" nowprocket type=\"application\/javascript\">window.option_df_6176 = {\"outline\":[],\"autoEnableOutline\":\"false\",\"autoEnableThumbnail\":\"false\",\"overwritePDFOutline\":\"false\",\"direction\":\"1\",\"pageSize\":\"0\",\"source\":\"https:\\\/\\\/publicacionespastorales.com.ec\\\/wp-content\\\/uploads\\\/2026\\\/04\\\/TRIDUO-Maria-Auxiliadora-Mayo-2026_co3-1.pdf\",\"wpOptions\":\"true\"}; if(window.DFLIP && window.DFLIP.parseBooks){window.DFLIP.parseBooks();}<\/script><\/div>\n\t\t\t\t\t\t<\/div>\n\t\t\t\t<div class=\"elementor-element elementor-element-5e0c1cf elementor-widget elementor-widget-heading\" data-id=\"5e0c1cf\" data-element_type=\"widget\" data-e-type=\"widget\" data-widget_type=\"heading.default\">\n\t\t\t\t\t<h2 class=\"elementor-heading-title elementor-size-default\">Triduo<\/h2>\t\t\t\t<\/div>\n\t\t\t\t<\/div>\n\t\t<div class=\"elementor-element elementor-element-2b43ee5 e-con-full e-flex wpr-particle-no wpr-jarallax-no wpr-parallax-no wpr-sticky-section-no wpr-equal-height-no e-con e-child\" data-id=\"2b43ee5\" data-element_type=\"container\" data-e-type=\"container\">\n\t\t\t\t<div class=\"elementor-element elementor-element-4dac70f elementor-widget elementor-widget-shortcode\" data-id=\"4dac70f\" data-element_type=\"widget\" data-e-type=\"widget\" data-widget_type=\"shortcode.default\">\n\t\t\t\t\t\t\t<div class=\"elementor-shortcode\"><div class=\"_df_thumb \" id=\"df_6160\"  _slug=\"6160\" data-title=\"eucaristia\" wpoptions=\"true\" thumb=\"https:\/\/publicacionespastorales.com.ec\/wp-content\/uploads\/2026\/04\/PORTADA-EUCARISTIA-WEB-3.png\" thumbtype=\"\" >Eucarist\u00eda<\/div><script class=\"df-shortcode-script\" nowprocket type=\"application\/javascript\">window.option_df_6160 = {\"outline\":[],\"autoEnableOutline\":\"false\",\"autoEnableThumbnail\":\"false\",\"overwritePDFOutline\":\"false\",\"direction\":\"1\",\"pageSize\":\"0\",\"source\":\"https:\\\/\\\/publicacionespastorales.com.ec\\\/wp-content\\\/uploads\\\/2026\\\/04\\\/Eucaristia-Maria-Auxiliadora-Mayo_2026-3.pdf\",\"wpOptions\":\"true\"}; if(window.DFLIP && window.DFLIP.parseBooks){window.DFLIP.parseBooks();}<\/script>\n\n<\/div>\n\t\t\t\t\t\t<\/div>\n\t\t\t\t<div class=\"elementor-element elementor-element-4e43d1d elementor-widget elementor-widget-heading\" data-id=\"4e43d1d\" data-element_type=\"widget\" data-e-type=\"widget\" data-widget_type=\"heading.default\">\n\t\t\t\t\t<h2 class=\"elementor-heading-title elementor-size-default\">Eucarist\u00eda<\/h2>\t\t\t\t<\/div>\n\t\t\t\t<\/div>\n\t\t<div class=\"elementor-element elementor-element-f27c1f4 e-con-full e-flex wpr-particle-no wpr-jarallax-no wpr-parallax-no wpr-sticky-section-no wpr-equal-height-no e-con e-child\" data-id=\"f27c1f4\" data-element_type=\"container\" data-e-type=\"container\">\n\t\t\t\t<div class=\"elementor-element elementor-element-a2f1e3f elementor-widget elementor-widget-shortcode\" data-id=\"a2f1e3f\" data-element_type=\"widget\" data-e-type=\"widget\" data-widget_type=\"shortcode.default\">\n\t\t\t\t\t\t\t<div class=\"elementor-shortcode\"><div class=\"_df_thumb \" id=\"df_6181\"  _slug=\"cancionero\" data-title=\"cancionero\" wpoptions=\"true\" thumb=\"https:\/\/publicacionespastorales.com.ec\/wp-content\/uploads\/2026\/04\/PORTADA-CANCIONERO-WEB-2.png\" thumbtype=\"\" >Cancionero<\/div><script class=\"df-shortcode-script\" nowprocket type=\"application\/javascript\">window.option_df_6181 = {\"outline\":[],\"autoEnableOutline\":\"false\",\"autoEnableThumbnail\":\"false\",\"overwritePDFOutline\":\"false\",\"direction\":\"1\",\"pageSize\":\"0\",\"source\":\"https:\\\/\\\/publicacionespastorales.com.ec\\\/wp-content\\\/uploads\\\/2026\\\/04\\\/Cancionero-1.pdf\",\"wpOptions\":\"true\"}; if(window.DFLIP && window.DFLIP.parseBooks){window.DFLIP.parseBooks();}<\/script>\n\n<\/div>\n\t\t\t\t\t\t<\/div>\n\t\t\t\t<div class=\"elementor-element elementor-element-7866fc9 elementor-widget elementor-widget-heading\" data-id=\"7866fc9\" data-element_type=\"widget\" data-e-type=\"widget\" data-widget_type=\"heading.default\">\n\t\t\t\t\t<h2 class=\"elementor-heading-title elementor-size-default\">Cancionero<\/h2>\t\t\t\t<\/div>\n\t\t\t\t<\/div>\n\t\t\t\t<\/div>\n\t\t\t\t<\/div>\n\t\t\t\t<\/div>\n\t\t\t\t\t<\/div>\n\t\t\t\t<\/div>\n\t\t\t\t<\/div>\n\t\t","protected":false},"excerpt":{"rendered":"<p>Novena Triduo Eucarist\u00eda Cancionero<\/p>\n","protected":false},"author":1262,"featured_media":0,"parent":0,"menu_order":0,"comment_status":"closed","ping_status":"closed","template":"","meta":{"om_disable_all_campaigns":false,"site-sidebar-layout":"no-sidebar","site-content-layout":"","ast-site-content-layout":"full-width-container","site-content-style":"default","site-sidebar-style":"default","ast-global-header-display":"","ast-banner-title-visibility":"","ast-main-header-display":"","ast-hfb-above-header-display":"","ast-hfb-below-header-display":"","ast-hfb-mobile-header-display":"","site-post-title":"disabled","ast-breadcrumbs-content":"","ast-featured-img":"disabled","footer-sml-layout":"","ast-disable-related-posts":"","theme-transparent-header-meta":"","adv-header-id-meta":"","stick-header-meta":"","header-above-stick-meta":"","header-main-stick-meta":"","header-below-stick-meta":"","astra-migrate-meta-layouts":"default","ast-page-background-enabled":"default","ast-page-background-meta":{"desktop":{"background-color":"var(--ast-global-color-4)","background-image":"","background-repeat":"repeat","background-position":"center center","background-size":"auto","background-attachment":"scroll","background-type":"","background-media":"","overlay-type":"","overlay-color":"","overlay-opacity":"","overlay-gradient":""},"tablet":{"background-color":"","background-image":"","background-repeat":"repeat","background-position":"center center","background-size":"auto","background-attachment":"scroll","background-type":"","background-media":"","overlay-type":"","overlay-color":"","overlay-opacity":"","overlay-gradient":""},"mobile":{"background-color":"","background-image":"","background-repeat":"repeat","background-position":"center center","background-size":"auto","background-attachment":"scroll","background-type":"","background-media":"","overlay-type":"","overlay-color":"","overlay-opacity":"","overlay-gradient":""}},"ast-content-background-meta":{"desktop":{"background-color":"var(--ast-global-color-5)","background-image":"","background-repeat":"repeat","background-position":"center center","background-size":"auto","background-attachment":"scroll","background-type":"","background-media":"","overlay-type":"","overlay-color":"","overlay-opacity":"","overlay-gradient":""},"tablet":{"background-color":"var(--ast-global-color-5)","background-image":"","background-repeat":"repeat","background-position":"center center","background-size":"auto","background-attachment":"scroll","background-type":"","background-media":"","overlay-type":"","overlay-color":"","overlay-opacity":"","overlay-gradient":""},"mobile":{"background-color":"var(--ast-global-color-5)","background-image":"","background-repeat":"repeat","background-position":"center center","background-size":"auto","background-attachment":"scroll","background-type":"","background-media":"","overlay-type":"","overlay-color":"","overlay-opacity":"","overlay-gradient":""}},"h5ap_radio_sources":[],"footnotes":""},"class_list":["post-6122","page","type-page","status-publish","hentry"],"yoast_head":"<!-- This site is optimized with the Yoast SEO plugin v27.4 - https:\/\/yoast.com\/product\/yoast-seo-wordpress\/ -->\n<title>Novenas - Centro Salesiano de Publicaciones Pastorales<\/title>\n<meta name=\"robots\" content=\"index, follow, max-snippet:-1, max-image-preview:large, max-video-preview:-1\" \/>\n<link rel=\"canonical\" href=\"https:\/\/publicacionespastorales.com.ec\/?page_id=6122\" \/>\n<meta property=\"og:locale\" content=\"es_ES\" \/>\n<meta property=\"og:type\" content=\"article\" \/>\n<meta property=\"og:title\" content=\"Novenas - Centro Salesiano de Publicaciones Pastorales\" \/>\n<meta property=\"og:description\" content=\"Novena Triduo Eucarist\u00eda Cancionero\" \/>\n<meta property=\"og:url\" content=\"https:\/\/publicacionespastorales.com.ec\/?page_id=6122\" \/>\n<meta property=\"og:site_name\" content=\"Centro Salesiano de Publicaciones Pastorales\" \/>\n<meta property=\"article:modified_time\" content=\"2026-04-27T22:54:23+00:00\" \/>\n<meta property=\"og:image\" content=\"https:\/\/publicacionespastorales.com.ec\/wp-content\/uploads\/2026\/04\/Virgen-web.png\" \/>\n\t<meta property=\"og:image:width\" content=\"942\" \/>\n\t<meta property=\"og:image:height\" content=\"1241\" \/>\n\t<meta property=\"og:image:type\" content=\"image\/png\" \/>\n<meta name=\"twitter:card\" content=\"summary_large_image\" \/>\n<meta name=\"twitter:label1\" content=\"Tiempo de lectura\" \/>\n\t<meta name=\"twitter:data1\" content=\"1 minuto\" \/>\n<script type=\"application\/ld+json\" class=\"yoast-schema-graph\">{\"@context\":\"https:\\\/\\\/schema.org\",\"@graph\":[{\"@type\":\"WebPage\",\"@id\":\"https:\\\/\\\/publicacionespastorales.com.ec\\\/?page_id=6122\",\"url\":\"https:\\\/\\\/publicacionespastorales.com.ec\\\/?page_id=6122\",\"name\":\"Novenas - Centro Salesiano de Publicaciones Pastorales\",\"isPartOf\":{\"@id\":\"https:\\\/\\\/publicacionespastorales.com.ec\\\/#website\"},\"primaryImageOfPage\":{\"@id\":\"https:\\\/\\\/publicacionespastorales.com.ec\\\/?page_id=6122#primaryimage\"},\"image\":{\"@id\":\"https:\\\/\\\/publicacionespastorales.com.ec\\\/?page_id=6122#primaryimage\"},\"thumbnailUrl\":\"https:\\\/\\\/publicacionespastorales.com.ec\\\/wp-content\\\/uploads\\\/2026\\\/04\\\/Virgen-web.png\",\"datePublished\":\"2026-04-27T16:22:44+00:00\",\"dateModified\":\"2026-04-27T22:54:23+00:00\",\"breadcrumb\":{\"@id\":\"https:\\\/\\\/publicacionespastorales.com.ec\\\/?page_id=6122#breadcrumb\"},\"inLanguage\":\"es\",\"potentialAction\":[{\"@type\":\"ReadAction\",\"target\":[\"https:\\\/\\\/publicacionespastorales.com.ec\\\/?page_id=6122\"]}]},{\"@type\":\"ImageObject\",\"inLanguage\":\"es\",\"@id\":\"https:\\\/\\\/publicacionespastorales.com.ec\\\/?page_id=6122#primaryimage\",\"url\":\"https:\\\/\\\/publicacionespastorales.com.ec\\\/wp-content\\\/uploads\\\/2026\\\/04\\\/Virgen-web.png\",\"contentUrl\":\"https:\\\/\\\/publicacionespastorales.com.ec\\\/wp-content\\\/uploads\\\/2026\\\/04\\\/Virgen-web.png\",\"width\":942,\"height\":1241},{\"@type\":\"BreadcrumbList\",\"@id\":\"https:\\\/\\\/publicacionespastorales.com.ec\\\/?page_id=6122#breadcrumb\",\"itemListElement\":[{\"@type\":\"ListItem\",\"position\":1,\"name\":\"Portada\",\"item\":\"https:\\\/\\\/publicacionespastorales.com.ec\\\/\"},{\"@type\":\"ListItem\",\"position\":2,\"name\":\"Novenas\"}]},{\"@type\":\"WebSite\",\"@id\":\"https:\\\/\\\/publicacionespastorales.com.ec\\\/#website\",\"url\":\"https:\\\/\\\/publicacionespastorales.com.ec\\\/\",\"name\":\"Centro Salesiano de Publicaciones Pastorales\",\"description\":\"Integrado por salesianos y laicos, que evangelizan por medio de la elaboraci\u00f3n y producci\u00f3n de material educativo-pastoral, favoreciendo la experiencia de Dios en la vida de las personas por medio de la reflexi\u00f3n, transmisi\u00f3n de la fe y compromiso social.\",\"publisher\":{\"@id\":\"https:\\\/\\\/publicacionespastorales.com.ec\\\/#organization\"},\"potentialAction\":[{\"@type\":\"SearchAction\",\"target\":{\"@type\":\"EntryPoint\",\"urlTemplate\":\"https:\\\/\\\/publicacionespastorales.com.ec\\\/?s={search_term_string}\"},\"query-input\":{\"@type\":\"PropertyValueSpecification\",\"valueRequired\":true,\"valueName\":\"search_term_string\"}}],\"inLanguage\":\"es\"},{\"@type\":\"Organization\",\"@id\":\"https:\\\/\\\/publicacionespastorales.com.ec\\\/#organization\",\"name\":\"Centro Salesiano de Publicaciones Pastorales\",\"url\":\"https:\\\/\\\/publicacionespastorales.com.ec\\\/\",\"logo\":{\"@type\":\"ImageObject\",\"inLanguage\":\"es\",\"@id\":\"https:\\\/\\\/publicacionespastorales.com.ec\\\/#\\\/schema\\\/logo\\\/image\\\/\",\"url\":\"https:\\\/\\\/publicacionespastorales.com.ec\\\/wp-content\\\/uploads\\\/2024\\\/08\\\/cropped-cropped-logo-cspp.png\",\"contentUrl\":\"https:\\\/\\\/publicacionespastorales.com.ec\\\/wp-content\\\/uploads\\\/2024\\\/08\\\/cropped-cropped-logo-cspp.png\",\"width\":243,\"height\":81,\"caption\":\"Centro Salesiano de Publicaciones Pastorales\"},\"image\":{\"@id\":\"https:\\\/\\\/publicacionespastorales.com.ec\\\/#\\\/schema\\\/logo\\\/image\\\/\"}}]}<\/script>\n<!-- \/ Yoast SEO plugin. -->","yoast_head_json":{"title":"Novenas - Centro Salesiano de Publicaciones Pastorales","robots":{"index":"index","follow":"follow","max-snippet":"max-snippet:-1","max-image-preview":"max-image-preview:large","max-video-preview":"max-video-preview:-1"},"canonical":"https:\/\/publicacionespastorales.com.ec\/?page_id=6122","og_locale":"es_ES","og_type":"article","og_title":"Novenas - Centro Salesiano de Publicaciones Pastorales","og_description":"Novena Triduo Eucarist\u00eda Cancionero","og_url":"https:\/\/publicacionespastorales.com.ec\/?page_id=6122","og_site_name":"Centro Salesiano de Publicaciones Pastorales","article_modified_time":"2026-04-27T22:54:23+00:00","og_image":[{"width":942,"height":1241,"url":"https:\/\/publicacionespastorales.com.ec\/wp-content\/uploads\/2026\/04\/Virgen-web.png","type":"image\/png"}],"twitter_card":"summary_large_image","twitter_misc":{"Tiempo de lectura":"1 minuto"},"schema":{"@context":"https:\/\/schema.org","@graph":[{"@type":"WebPage","@id":"https:\/\/publicacionespastorales.com.ec\/?page_id=6122","url":"https:\/\/publicacionespastorales.com.ec\/?page_id=6122","name":"Novenas - Centro Salesiano de Publicaciones Pastorales","isPartOf":{"@id":"https:\/\/publicacionespastorales.com.ec\/#website"},"primaryImageOfPage":{"@id":"https:\/\/publicacionespastorales.com.ec\/?page_id=6122#primaryimage"},"image":{"@id":"https:\/\/publicacionespastorales.com.ec\/?page_id=6122#primaryimage"},"thumbnailUrl":"https:\/\/publicacionespastorales.com.ec\/wp-content\/uploads\/2026\/04\/Virgen-web.png","datePublished":"2026-04-27T16:22:44+00:00","dateModified":"2026-04-27T22:54:23+00:00","breadcrumb":{"@id":"https:\/\/publicacionespastorales.com.ec\/?page_id=6122#breadcrumb"},"inLanguage":"es","potentialAction":[{"@type":"ReadAction","target":["https:\/\/publicacionespastorales.com.ec\/?page_id=6122"]}]},{"@type":"ImageObject","inLanguage":"es","@id":"https:\/\/publicacionespastorales.com.ec\/?page_id=6122#primaryimage","url":"https:\/\/publicacionespastorales.com.ec\/wp-content\/uploads\/2026\/04\/Virgen-web.png","contentUrl":"https:\/\/publicacionespastorales.com.ec\/wp-content\/uploads\/2026\/04\/Virgen-web.png","width":942,"height":1241},{"@type":"BreadcrumbList","@id":"https:\/\/publicacionespastorales.com.ec\/?page_id=6122#breadcrumb","itemListElement":[{"@type":"ListItem","position":1,"name":"Portada","item":"https:\/\/publicacionespastorales.com.ec\/"},{"@type":"ListItem","position":2,"name":"Novenas"}]},{"@type":"WebSite","@id":"https:\/\/publicacionespastorales.com.ec\/#website","url":"https:\/\/publicacionespastorales.com.ec\/","name":"Centro Salesiano de Publicaciones Pastorales","description":"Integrado por salesianos y laicos, que evangelizan por medio de la elaboraci\u00f3n y producci\u00f3n de material educativo-pastoral, favoreciendo la experiencia de Dios en la vida de las personas por medio de la reflexi\u00f3n, transmisi\u00f3n de la fe y compromiso social.","publisher":{"@id":"https:\/\/publicacionespastorales.com.ec\/#organization"},"potentialAction":[{"@type":"SearchAction","target":{"@type":"EntryPoint","urlTemplate":"https:\/\/publicacionespastorales.com.ec\/?s={search_term_string}"},"query-input":{"@type":"PropertyValueSpecification","valueRequired":true,"valueName":"search_term_string"}}],"inLanguage":"es"},{"@type":"Organization","@id":"https:\/\/publicacionespastorales.com.ec\/#organization","name":"Centro Salesiano de Publicaciones Pastorales","url":"https:\/\/publicacionespastorales.com.ec\/","logo":{"@type":"ImageObject","inLanguage":"es","@id":"https:\/\/publicacionespastorales.com.ec\/#\/schema\/logo\/image\/","url":"https:\/\/publicacionespastorales.com.ec\/wp-content\/uploads\/2024\/08\/cropped-cropped-logo-cspp.png","contentUrl":"https:\/\/publicacionespastorales.com.ec\/wp-content\/uploads\/2024\/08\/cropped-cropped-logo-cspp.png","width":243,"height":81,"caption":"Centro Salesiano de Publicaciones Pastorales"},"image":{"@id":"https:\/\/publicacionespastorales.com.ec\/#\/schema\/logo\/image\/"}}]}},"_links":{"self":[{"href":"https:\/\/publicacionespastorales.com.ec\/index.php?rest_route=\/wp\/v2\/pages\/6122","targetHints":{"allow":["GET"]}}],"collection":[{"href":"https:\/\/publicacionespastorales.com.ec\/index.php?rest_route=\/wp\/v2\/pages"}],"about":[{"href":"https:\/\/publicacionespastorales.com.ec\/index.php?rest_route=\/wp\/v2\/types\/page"}],"author":[{"embeddable":true,"href":"https:\/\/publicacionespastorales.com.ec\/index.php?rest_route=\/wp\/v2\/users\/1262"}],"replies":[{"embeddable":true,"href":"https:\/\/publicacionespastorales.com.ec\/index.php?rest_route=%2Fwp%2Fv2%2Fcomments&post=6122"}],"version-history":[{"count":43,"href":"https:\/\/publicacionespastorales.com.ec\/index.php?rest_route=\/wp\/v2\/pages\/6122\/revisions"}],"predecessor-version":[{"id":6218,"href":"https:\/\/publicacionespastorales.com.ec\/index.php?rest_route=\/wp\/v2\/pages\/6122\/revisions\/6218"}],"wp:attachment":[{"href":"https:\/\/publicacionespastorales.com.ec\/index.php?rest_route=%2Fwp%2Fv2%2Fmedia&parent=6122"}],"curies":[{"name":"wp","href":"https:\/\/api.w.org\/{rel}","templated":true}]}}