{"id":2306,"date":"2024-10-16T12:09:00","date_gmt":"2024-10-16T17:09:00","guid":{"rendered":"http:\/\/publicacionespastorales.com.ec\/?post_type=product&#038;p=2306"},"modified":"2026-02-27T15:22:28","modified_gmt":"2026-02-27T20:22:28","slug":"crespi-mas-alla-de-las-cenizas","status":"publish","type":"product","link":"https:\/\/publicacionespastorales.com.ec\/?product=crespi-mas-alla-de-las-cenizas","title":{"rendered":"Crespi, m\u00e1s all\u00e1 de las cenizas"},"content":{"rendered":"","protected":false},"excerpt":{"rendered":"<p align=\"justify\">En medio de la conmoci\u00f3n causada por el incendio en la ciudad de Cuenca, Ecuador, en 1962, el padre Carlos Crespi emerge como una figura clave para los afectados, especialmente los ni\u00f1os. A medida que el fuego arrasa el entonces Instituto de Artes y Oficios, los recuerdos y los sue\u00f1os del sacerdote, con su sabidur\u00eda y compasi\u00f3n, se convierten en la historia de su vida misma.<\/p>\n<p align=\"justify\"><b>Autor<\/b>: Fernando Pes\u00e1ntez Avil\u00e9s<br \/>\n<b>Ilustradora<\/b>: J\u00e9ssica Panam\u00e1<br \/>\n<b>G\u00e9nero:<\/b> Biograf\u00eda novelada<\/p>\n","protected":false},"featured_media":5648,"comment_status":"open","ping_status":"closed","template":"","meta":{"om_disable_all_campaigns":false,"site-sidebar-layout":"default","site-content-layout":"","ast-site-content-layout":"default","site-content-style":"default","site-sidebar-style":"default","ast-global-header-display":"","ast-banner-title-visibility":"","ast-main-header-display":"","ast-hfb-above-header-display":"","ast-hfb-below-header-display":"","ast-hfb-mobile-header-display":"","site-post-title":"","ast-breadcrumbs-content":"","ast-featured-img":"","footer-sml-layout":"","ast-disable-related-posts":"","theme-transparent-header-meta":"default","adv-header-id-meta":"","stick-header-meta":"","header-above-stick-meta":"","header-main-stick-meta":"","header-below-stick-meta":"","astra-migrate-meta-layouts":"set","ast-page-background-enabled":"default","ast-page-background-meta":{"desktop":{"background-color":"var(--ast-global-color-4)","background-image":"","background-repeat":"repeat","background-position":"center center","background-size":"auto","background-attachment":"scroll","background-type":"","background-media":"","overlay-type":"","overlay-color":"","overlay-opacity":"","overlay-gradient":""},"tablet":{"background-color":"","background-image":"","background-repeat":"repeat","background-position":"center center","background-size":"auto","background-attachment":"scroll","background-type":"","background-media":"","overlay-type":"","overlay-color":"","overlay-opacity":"","overlay-gradient":""},"mobile":{"background-color":"","background-image":"","background-repeat":"repeat","background-position":"center center","background-size":"auto","background-attachment":"scroll","background-type":"","background-media":"","overlay-type":"","overlay-color":"","overlay-opacity":"","overlay-gradient":""}},"ast-content-background-meta":{"desktop":{"background-color":"var(--ast-global-color-5)","background-image":"","background-repeat":"repeat","background-position":"center center","background-size":"auto","background-attachment":"scroll","background-type":"","background-media":"","overlay-type":"","overlay-color":"","overlay-opacity":"","overlay-gradient":""},"tablet":{"background-color":"var(--ast-global-color-5)","background-image":"","background-repeat":"repeat","background-position":"center center","background-size":"auto","background-attachment":"scroll","background-type":"","background-media":"","overlay-type":"","overlay-color":"","overlay-opacity":"","overlay-gradient":""},"mobile":{"background-color":"var(--ast-global-color-5)","background-image":"","background-repeat":"repeat","background-position":"center center","background-size":"auto","background-attachment":"scroll","background-type":"","background-media":"","overlay-type":"","overlay-color":"","overlay-opacity":"","overlay-gradient":""}},"h5ap_radio_sources":[]},"product_brand":[],"product_cat":[34],"product_tag":[],"class_list":{"0":"post-2306","1":"product","2":"type-product","3":"status-publish","4":"has-post-thumbnail","6":"product_cat-planlector-pastoral","7":"desktop-align-center","8":"tablet-align-left","9":"mobile-align-left","11":"first","12":"instock","13":"shipping-taxable","14":"product-type-simple"},"yoast_head":"<!-- This site is optimized with the Yoast SEO plugin v27.4 - https:\/\/yoast.com\/product\/yoast-seo-wordpress\/ -->\n<title>Crespi, m\u00e1s all\u00e1 de las cenizas - Centro Salesiano de Publicaciones Pastorales<\/title>\n<meta name=\"robots\" content=\"index, follow, max-snippet:-1, max-image-preview:large, max-video-preview:-1\" \/>\n<link rel=\"canonical\" href=\"https:\/\/publicacionespastorales.com.ec\/?product=crespi-mas-alla-de-las-cenizas\" \/>\n<meta property=\"og:locale\" content=\"es_ES\" \/>\n<meta property=\"og:type\" content=\"article\" \/>\n<meta property=\"og:title\" content=\"Crespi, m\u00e1s all\u00e1 de las cenizas - Centro Salesiano de Publicaciones Pastorales\" \/>\n<meta property=\"og:description\" content=\"En medio de la conmoci\u00f3n causada por el incendio en la ciudad de Cuenca, Ecuador, en 1962, el padre Carlos Crespi emerge como una figura clave para los afectados, especialmente los ni\u00f1os. A medida que el fuego arrasa el entonces Instituto de Artes y Oficios, los recuerdos y los sue\u00f1os del sacerdote, con su sabidur\u00eda y compasi\u00f3n, se convierten en la historia de su vida misma. Autor: Fernando Pes\u00e1ntez Avil\u00e9s Ilustradora: J\u00e9ssica Panam\u00e1 G\u00e9nero: Biograf\u00eda novelada\" \/>\n<meta property=\"og:url\" content=\"https:\/\/publicacionespastorales.com.ec\/?product=crespi-mas-alla-de-las-cenizas\" \/>\n<meta property=\"og:site_name\" content=\"Centro Salesiano de Publicaciones Pastorales\" \/>\n<meta property=\"article:modified_time\" content=\"2026-02-27T20:22:28+00:00\" \/>\n<meta property=\"og:image\" content=\"https:\/\/publicacionespastorales.com.ec\/wp-content\/uploads\/2026\/02\/Crespi-mas-alla-de-las-cenizas.png\" \/>\n\t<meta property=\"og:image:width\" content=\"700\" \/>\n\t<meta property=\"og:image:height\" content=\"700\" \/>\n\t<meta property=\"og:image:type\" content=\"image\/png\" \/>\n<meta name=\"twitter:card\" content=\"summary_large_image\" \/>\n<meta name=\"twitter:label1\" content=\"Tiempo de lectura\" \/>\n\t<meta name=\"twitter:data1\" content=\"1 minuto\" \/>\n<script type=\"application\/ld+json\" class=\"yoast-schema-graph\">{\"@context\":\"https:\\\/\\\/schema.org\",\"@graph\":[{\"@type\":\"WebPage\",\"@id\":\"https:\\\/\\\/publicacionespastorales.com.ec\\\/?product=crespi-mas-alla-de-las-cenizas\",\"url\":\"https:\\\/\\\/publicacionespastorales.com.ec\\\/?product=crespi-mas-alla-de-las-cenizas\",\"name\":\"Crespi, m\u00e1s all\u00e1 de las cenizas - Centro Salesiano de Publicaciones Pastorales\",\"isPartOf\":{\"@id\":\"https:\\\/\\\/publicacionespastorales.com.ec\\\/#website\"},\"primaryImageOfPage\":{\"@id\":\"https:\\\/\\\/publicacionespastorales.com.ec\\\/?product=crespi-mas-alla-de-las-cenizas#primaryimage\"},\"image\":{\"@id\":\"https:\\\/\\\/publicacionespastorales.com.ec\\\/?product=crespi-mas-alla-de-las-cenizas#primaryimage\"},\"thumbnailUrl\":\"https:\\\/\\\/publicacionespastorales.com.ec\\\/wp-content\\\/uploads\\\/2026\\\/02\\\/Crespi-mas-alla-de-las-cenizas.png\",\"datePublished\":\"2024-10-16T17:09:00+00:00\",\"dateModified\":\"2026-02-27T20:22:28+00:00\",\"breadcrumb\":{\"@id\":\"https:\\\/\\\/publicacionespastorales.com.ec\\\/?product=crespi-mas-alla-de-las-cenizas#breadcrumb\"},\"inLanguage\":\"es\",\"potentialAction\":[{\"@type\":\"ReadAction\",\"target\":[\"https:\\\/\\\/publicacionespastorales.com.ec\\\/?product=crespi-mas-alla-de-las-cenizas\"]}]},{\"@type\":\"ImageObject\",\"inLanguage\":\"es\",\"@id\":\"https:\\\/\\\/publicacionespastorales.com.ec\\\/?product=crespi-mas-alla-de-las-cenizas#primaryimage\",\"url\":\"https:\\\/\\\/publicacionespastorales.com.ec\\\/wp-content\\\/uploads\\\/2026\\\/02\\\/Crespi-mas-alla-de-las-cenizas.png\",\"contentUrl\":\"https:\\\/\\\/publicacionespastorales.com.ec\\\/wp-content\\\/uploads\\\/2026\\\/02\\\/Crespi-mas-alla-de-las-cenizas.png\",\"width\":700,\"height\":700},{\"@type\":\"BreadcrumbList\",\"@id\":\"https:\\\/\\\/publicacionespastorales.com.ec\\\/?product=crespi-mas-alla-de-las-cenizas#breadcrumb\",\"itemListElement\":[{\"@type\":\"ListItem\",\"position\":1,\"name\":\"Portada\",\"item\":\"https:\\\/\\\/publicacionespastorales.com.ec\\\/\"},{\"@type\":\"ListItem\",\"position\":2,\"name\":\"Productos\",\"item\":\"https:\\\/\\\/publicacionespastorales.com.ec\\\/?post_type=product\"},{\"@type\":\"ListItem\",\"position\":3,\"name\":\"Crespi, m\u00e1s all\u00e1 de las cenizas\"}]},{\"@type\":\"WebSite\",\"@id\":\"https:\\\/\\\/publicacionespastorales.com.ec\\\/#website\",\"url\":\"https:\\\/\\\/publicacionespastorales.com.ec\\\/\",\"name\":\"Centro Salesiano de Publicaciones Pastorales\",\"description\":\"Integrado por salesianos y laicos, que evangelizan por medio de la elaboraci\u00f3n y producci\u00f3n de material educativo-pastoral, favoreciendo la experiencia de Dios en la vida de las personas por medio de la reflexi\u00f3n, transmisi\u00f3n de la fe y compromiso social.\",\"publisher\":{\"@id\":\"https:\\\/\\\/publicacionespastorales.com.ec\\\/#organization\"},\"potentialAction\":[{\"@type\":\"SearchAction\",\"target\":{\"@type\":\"EntryPoint\",\"urlTemplate\":\"https:\\\/\\\/publicacionespastorales.com.ec\\\/?s={search_term_string}\"},\"query-input\":{\"@type\":\"PropertyValueSpecification\",\"valueRequired\":true,\"valueName\":\"search_term_string\"}}],\"inLanguage\":\"es\"},{\"@type\":\"Organization\",\"@id\":\"https:\\\/\\\/publicacionespastorales.com.ec\\\/#organization\",\"name\":\"Centro Salesiano de Publicaciones Pastorales\",\"url\":\"https:\\\/\\\/publicacionespastorales.com.ec\\\/\",\"logo\":{\"@type\":\"ImageObject\",\"inLanguage\":\"es\",\"@id\":\"https:\\\/\\\/publicacionespastorales.com.ec\\\/#\\\/schema\\\/logo\\\/image\\\/\",\"url\":\"https:\\\/\\\/publicacionespastorales.com.ec\\\/wp-content\\\/uploads\\\/2024\\\/08\\\/cropped-cropped-logo-cspp.png\",\"contentUrl\":\"https:\\\/\\\/publicacionespastorales.com.ec\\\/wp-content\\\/uploads\\\/2024\\\/08\\\/cropped-cropped-logo-cspp.png\",\"width\":243,\"height\":81,\"caption\":\"Centro Salesiano de Publicaciones Pastorales\"},\"image\":{\"@id\":\"https:\\\/\\\/publicacionespastorales.com.ec\\\/#\\\/schema\\\/logo\\\/image\\\/\"}}]}<\/script>\n<!-- \/ Yoast SEO plugin. -->","yoast_head_json":{"title":"Crespi, m\u00e1s all\u00e1 de las cenizas - Centro Salesiano de Publicaciones Pastorales","robots":{"index":"index","follow":"follow","max-snippet":"max-snippet:-1","max-image-preview":"max-image-preview:large","max-video-preview":"max-video-preview:-1"},"canonical":"https:\/\/publicacionespastorales.com.ec\/?product=crespi-mas-alla-de-las-cenizas","og_locale":"es_ES","og_type":"article","og_title":"Crespi, m\u00e1s all\u00e1 de las cenizas - Centro Salesiano de Publicaciones Pastorales","og_description":"En medio de la conmoci\u00f3n causada por el incendio en la ciudad de Cuenca, Ecuador, en 1962, el padre Carlos Crespi emerge como una figura clave para los afectados, especialmente los ni\u00f1os. A medida que el fuego arrasa el entonces Instituto de Artes y Oficios, los recuerdos y los sue\u00f1os del sacerdote, con su sabidur\u00eda y compasi\u00f3n, se convierten en la historia de su vida misma. Autor: Fernando Pes\u00e1ntez Avil\u00e9s Ilustradora: J\u00e9ssica Panam\u00e1 G\u00e9nero: Biograf\u00eda novelada","og_url":"https:\/\/publicacionespastorales.com.ec\/?product=crespi-mas-alla-de-las-cenizas","og_site_name":"Centro Salesiano de Publicaciones Pastorales","article_modified_time":"2026-02-27T20:22:28+00:00","og_image":[{"width":700,"height":700,"url":"https:\/\/publicacionespastorales.com.ec\/wp-content\/uploads\/2026\/02\/Crespi-mas-alla-de-las-cenizas.png","type":"image\/png"}],"twitter_card":"summary_large_image","twitter_misc":{"Tiempo de lectura":"1 minuto"},"schema":{"@context":"https:\/\/schema.org","@graph":[{"@type":"WebPage","@id":"https:\/\/publicacionespastorales.com.ec\/?product=crespi-mas-alla-de-las-cenizas","url":"https:\/\/publicacionespastorales.com.ec\/?product=crespi-mas-alla-de-las-cenizas","name":"Crespi, m\u00e1s all\u00e1 de las cenizas - Centro Salesiano de Publicaciones Pastorales","isPartOf":{"@id":"https:\/\/publicacionespastorales.com.ec\/#website"},"primaryImageOfPage":{"@id":"https:\/\/publicacionespastorales.com.ec\/?product=crespi-mas-alla-de-las-cenizas#primaryimage"},"image":{"@id":"https:\/\/publicacionespastorales.com.ec\/?product=crespi-mas-alla-de-las-cenizas#primaryimage"},"thumbnailUrl":"https:\/\/publicacionespastorales.com.ec\/wp-content\/uploads\/2026\/02\/Crespi-mas-alla-de-las-cenizas.png","datePublished":"2024-10-16T17:09:00+00:00","dateModified":"2026-02-27T20:22:28+00:00","breadcrumb":{"@id":"https:\/\/publicacionespastorales.com.ec\/?product=crespi-mas-alla-de-las-cenizas#breadcrumb"},"inLanguage":"es","potentialAction":[{"@type":"ReadAction","target":["https:\/\/publicacionespastorales.com.ec\/?product=crespi-mas-alla-de-las-cenizas"]}]},{"@type":"ImageObject","inLanguage":"es","@id":"https:\/\/publicacionespastorales.com.ec\/?product=crespi-mas-alla-de-las-cenizas#primaryimage","url":"https:\/\/publicacionespastorales.com.ec\/wp-content\/uploads\/2026\/02\/Crespi-mas-alla-de-las-cenizas.png","contentUrl":"https:\/\/publicacionespastorales.com.ec\/wp-content\/uploads\/2026\/02\/Crespi-mas-alla-de-las-cenizas.png","width":700,"height":700},{"@type":"BreadcrumbList","@id":"https:\/\/publicacionespastorales.com.ec\/?product=crespi-mas-alla-de-las-cenizas#breadcrumb","itemListElement":[{"@type":"ListItem","position":1,"name":"Portada","item":"https:\/\/publicacionespastorales.com.ec\/"},{"@type":"ListItem","position":2,"name":"Productos","item":"https:\/\/publicacionespastorales.com.ec\/?post_type=product"},{"@type":"ListItem","position":3,"name":"Crespi, m\u00e1s all\u00e1 de las cenizas"}]},{"@type":"WebSite","@id":"https:\/\/publicacionespastorales.com.ec\/#website","url":"https:\/\/publicacionespastorales.com.ec\/","name":"Centro Salesiano de Publicaciones Pastorales","description":"Integrado por salesianos y laicos, que evangelizan por medio de la elaboraci\u00f3n y producci\u00f3n de material educativo-pastoral, favoreciendo la experiencia de Dios en la vida de las personas por medio de la reflexi\u00f3n, transmisi\u00f3n de la fe y compromiso social.","publisher":{"@id":"https:\/\/publicacionespastorales.com.ec\/#organization"},"potentialAction":[{"@type":"SearchAction","target":{"@type":"EntryPoint","urlTemplate":"https:\/\/publicacionespastorales.com.ec\/?s={search_term_string}"},"query-input":{"@type":"PropertyValueSpecification","valueRequired":true,"valueName":"search_term_string"}}],"inLanguage":"es"},{"@type":"Organization","@id":"https:\/\/publicacionespastorales.com.ec\/#organization","name":"Centro Salesiano de Publicaciones Pastorales","url":"https:\/\/publicacionespastorales.com.ec\/","logo":{"@type":"ImageObject","inLanguage":"es","@id":"https:\/\/publicacionespastorales.com.ec\/#\/schema\/logo\/image\/","url":"https:\/\/publicacionespastorales.com.ec\/wp-content\/uploads\/2024\/08\/cropped-cropped-logo-cspp.png","contentUrl":"https:\/\/publicacionespastorales.com.ec\/wp-content\/uploads\/2024\/08\/cropped-cropped-logo-cspp.png","width":243,"height":81,"caption":"Centro Salesiano de Publicaciones Pastorales"},"image":{"@id":"https:\/\/publicacionespastorales.com.ec\/#\/schema\/logo\/image\/"}}]}},"_links":{"self":[{"href":"https:\/\/publicacionespastorales.com.ec\/index.php?rest_route=\/wp\/v2\/product\/2306","targetHints":{"allow":["GET"]}}],"collection":[{"href":"https:\/\/publicacionespastorales.com.ec\/index.php?rest_route=\/wp\/v2\/product"}],"about":[{"href":"https:\/\/publicacionespastorales.com.ec\/index.php?rest_route=\/wp\/v2\/types\/product"}],"replies":[{"embeddable":true,"href":"https:\/\/publicacionespastorales.com.ec\/index.php?rest_route=%2Fwp%2Fv2%2Fcomments&post=2306"}],"version-history":[{"count":0,"href":"https:\/\/publicacionespastorales.com.ec\/index.php?rest_route=\/wp\/v2\/product\/2306\/revisions"}],"wp:featuredmedia":[{"embeddable":true,"href":"https:\/\/publicacionespastorales.com.ec\/index.php?rest_route=\/wp\/v2\/media\/5648"}],"wp:attachment":[{"href":"https:\/\/publicacionespastorales.com.ec\/index.php?rest_route=%2Fwp%2Fv2%2Fmedia&parent=2306"}],"wp:term":[{"taxonomy":"product_brand","embeddable":true,"href":"https:\/\/publicacionespastorales.com.ec\/index.php?rest_route=%2Fwp%2Fv2%2Fproduct_brand&post=2306"},{"taxonomy":"product_cat","embeddable":true,"href":"https:\/\/publicacionespastorales.com.ec\/index.php?rest_route=%2Fwp%2Fv2%2Fproduct_cat&post=2306"},{"taxonomy":"product_tag","embeddable":true,"href":"https:\/\/publicacionespastorales.com.ec\/index.php?rest_route=%2Fwp%2Fv2%2Fproduct_tag&post=2306"}],"curies":[{"name":"wp","href":"https:\/\/api.w.org\/{rel}","templated":true}]}}